{"id":132,"date":"2021-04-29T08:50:02","date_gmt":"2021-04-29T06:50:02","guid":{"rendered":"http:\/\/partnerschaft-am-friedhof.de\/wordpress\/?page_id=132"},"modified":"2021-04-29T10:14:55","modified_gmt":"2021-04-29T08:14:55","slug":"mitgliedsunternehmen","status":"publish","type":"page","link":"http:\/\/partnerschaft-am-friedhof.de\/wordpress\/mitgliedsunternehmen\/","title":{"rendered":"Mitgliedsunternehmen"},"content":{"rendered":"\n<p class=\"has-medium-font-size\"><strong>Bestatter<\/strong><\/p>\n\n\n\n<div class=\"wp-block-group\"><div class=\"wp-block-group__inner-container\">\n<div class=\"wp-block-columns\">\n<div class=\"wp-block-column\" style=\"flex-basis:100%\">\n<p>Bestattungen Hubert Laubach<br>Nauwieser Stra\u00dfe 27<br>66111 Saabr\u00fccken<br>Tel: 0681\/389 390<br>Fax: 0681\/ 389 39 20<\/p>\n<\/div>\n<\/div>\n<\/div><\/div>\n\n\n\n<p>Richartz Bestattungen<br>Saargem\u00fcnder Stra\u00dfe 50<br>66119 Saarbr\u00fccken<br>Tel.: 0681\/ 98 56 40<br>Fax: 0681\/ 98 56 420<\/p>\n\n\n\n<p>Diehl Bestattungen<br>Lebacher Stra\u00dfe 68<br>66113 Saarbr\u00fccken<br>Tel.: 0681\/ 75 16 38<br>Fax: 0681\/ 73 00 456<\/p>\n\n\n\n<p>W. Wagner Bestattungen<br>Deutschherrnstra\u00dfe 82<br>66117 Saarbr\u00fccken<br>Tel.: 0681\/ 92 62 30<br>Fax: 0681\/ 0681\/ 02 62 320<\/p>\n\n\n\n<p>OSIRIS Bestattungen<br>Mainzer Stra\u00dfe 155<br>66121 Saarbr\u00fccken<br>Tel.: 0681\/ 63 666<br>Fax: 0681\/ 65 673<\/p>\n\n\n\n<p>Hauch Bestattungen<br>Vereinshausstra\u00dfe 9<br>66333 V\u00f6lklilngen<br>Tel.: 06898\/ 32 217<br>Fax: 06898\/ 3461<\/p>\n\n\n\n<p>Fischer Bestattungen<br>Hauptstra\u00dfe 112<br>66128 Saarbr\u00fccken<br>Tel.: 0681\/ 99 70 023<br>Fax: 0681\/ 73 00 456<\/p>\n\n\n\n<p>Springer Bestattungen<br>Hauptstra\u00dfe 82<br>66123 Saarbr\u00fccken<br>Tel.: 0681\/ 36 825<br>Fax: 0681\/ 34 099<\/p>\n\n\n\n<p><\/p>\n\n\n\n<p class=\"has-medium-font-size\"><strong>Friedhofsg\u00e4rtner<\/strong><\/p>\n\n\n\n<div class=\"wp-block-group\"><div class=\"wp-block-group__inner-container\">\n<p><span style=\"text-decoration: underline;\"><strong>Hauptfriedhof Saarbr\u00fccken<\/strong><\/span><\/p>\n\n\n\n<p><strong>Friedhofsg\u00e4rtnerei G. Kluge GmbH<\/strong><br>Metzer Str. 136<br>66117 Saarbr\u00fccken<br>E-Mail:<a href=\"mailto:info@kluge-gartenbau.de\">info@kluge-gartenbau.de<\/a><br>Telefon:0681-52635<br>Fax:0681-53037<br><a rel=\"noreferrer noopener\" href=\"http:\/\/www.kluge-gartenbau.de\/\" target=\"_blank\">http:\/\/www.kluge-gartenbau.de<\/a><\/p>\n\n\n\n<p><br><strong><span style=\"text-decoration: underline;\">Waldfriedhof Burbach<\/span><\/strong><br><br><strong>G\u00e4rtnerei Michael Falge e. K.<\/strong><br>Viktor-Tesch-Allee 1<br>66115 Saarbr\u00fccken<br>Tel.: 0681\/ 77591<br>Fax: 0681 9704165<\/p>\n\n\n\n<p><strong><span style=\"text-decoration: underline;\">Friedhof St. Johann<\/span><\/strong><\/p>\n<\/div><\/div>\n\n\n\n<p><strong>Schiffler &amp; Didi\u00e9<\/strong><br>Hanna-Kirchner-Stra\u00dfe 3<br>66123 Saarbr\u00fccken<br>Tel.: 0681\/ 67873 &#8211; 0681\/ 31944<br>Fax: 0681\/ 684177<\/p>\n\n\n\n<p><span style=\"text-decoration: underline;\"><strong>Friedhof St. Arnual<\/strong><\/span><\/p>\n\n\n\n<p><strong>Christian Goebel Garten- und Landschaftsbau<\/strong><br>Quellenstr. 5<br>66121 Saarbr\u00fccken<br>Tel.: 0681\/ 7 817207<br>Fax: 0681\/ 817804<\/p>\n\n\n\n<p><strong><span style=\"text-decoration: underline;\">Friedhof Dudweiler<\/span><\/strong><\/p>\n\n\n\n<p><strong>Friedhofsg\u00e4rtnerei Birkenmeier<\/strong><br>Alter Stadtweg 134a<br>66125 Saarbr\u00fccken<br>Tel.: 06897\/ 76 67 26<br>Fax: 06897\/ 7 45 47<br>info@birkenmeier-gartenbau.de<br>www.birkenmeier-gartenbau.de<\/p>\n\n\n\n<p class=\"has-medium-font-size\"><strong>Steinmetze<\/strong><\/p>\n\n\n\n<p><strong>G\u00f6llner GmbH Steinmetzerei<\/strong><br>Metzer Str.\u00a0136<br>66117\u00a0Saarbr\u00fccken<br>Tel.: 0681\/ 5 23 54<\/p>\n","protected":false},"excerpt":{"rendered":"<p>Bestatter Bestattungen Hubert LaubachNauwieser Stra\u00dfe 2766111 Saabr\u00fcckenTel: 0681\/389 390Fax: 0681\/ 389 39 20 Richartz BestattungenSaargem\u00fcnder Stra\u00dfe 5066119 Saarbr\u00fcckenTel.: 0681\/ 98 56 40Fax: 0681\/ 98 56 420 Diehl BestattungenLebacher Stra\u00dfe 6866113 Saarbr\u00fcckenTel.: 0681\/ 75 16 38Fax: 0681\/ 73 00 456 W. Wagner BestattungenDeutschherrnstra\u00dfe 8266117 Saarbr\u00fcckenTel.: 0681\/ 92 62 30Fax: 0681\/ 0681\/ 02 62 320 OSIRIS BestattungenMainzer &hellip; <\/p>\n<p class=\"link-more\"><a href=\"http:\/\/partnerschaft-am-friedhof.de\/wordpress\/mitgliedsunternehmen\/\" class=\"more-link\"><span class=\"screen-reader-text\">\u201eMitgliedsunternehmen\u201c<\/span> weiterlesen<\/a><\/p>\n","protected":false},"author":1,"featured_media":0,"parent":0,"menu_order":0,"comment_status":"closed","ping_status":"closed","template":"","meta":[],"_links":{"self":[{"href":"http:\/\/partnerschaft-am-friedhof.de\/wordpress\/wp-json\/wp\/v2\/pages\/132"}],"collection":[{"href":"http:\/\/partnerschaft-am-friedhof.de\/wordpress\/wp-json\/wp\/v2\/pages"}],"about":[{"href":"http:\/\/partnerschaft-am-friedhof.de\/wordpress\/wp-json\/wp\/v2\/types\/page"}],"author":[{"embeddable":true,"href":"http:\/\/partnerschaft-am-friedhof.de\/wordpress\/wp-json\/wp\/v2\/users\/1"}],"replies":[{"embeddable":true,"href":"http:\/\/partnerschaft-am-friedhof.de\/wordpress\/wp-json\/wp\/v2\/comments?post=132"}],"version-history":[{"count":5,"href":"http:\/\/partnerschaft-am-friedhof.de\/wordpress\/wp-json\/wp\/v2\/pages\/132\/revisions"}],"predecessor-version":[{"id":162,"href":"http:\/\/partnerschaft-am-friedhof.de\/wordpress\/wp-json\/wp\/v2\/pages\/132\/revisions\/162"}],"wp:attachment":[{"href":"http:\/\/partnerschaft-am-friedhof.de\/wordpress\/wp-json\/wp\/v2\/media?parent=132"}],"curies":[{"name":"wp","href":"https:\/\/api.w.org\/{rel}","templated":true}]}}